{"id":6607,"date":"2022-02-22T16:13:15","date_gmt":"2022-02-22T14:13:15","guid":{"rendered":"https:\/\/www.centreromanic.com\/lensemble-roman\/"},"modified":"2023-04-20T18:49:43","modified_gmt":"2023-04-20T16:49:43","slug":"lensemble-roman","status":"publish","type":"page","link":"https:\/\/www.centreromanic.com\/fr\/lensemble-roman\/","title":{"rendered":"L&rsquo;ensemble roman"},"content":{"rendered":"\t\t<div data-elementor-type=\"wp-post\" data-elementor-id=\"6607\" class=\"elementor elementor-6607 elementor-91\" data-elementor-post-type=\"page\">\n\t\t\t\t\t\t<section class=\"elementor-section elementor-top-section elementor-element elementor-element-4312b93 elementor-section-full_width elementor-section-height-default elementor-section-height-default\" data-id=\"4312b93\" data-element_type=\"section\" data-e-type=\"section\">\n\t\t\t\t\t\t<div class=\"elementor-container elementor-column-gap-no\">\n\t\t\t\t\t<div class=\"elementor-column elementor-col-100 elementor-top-column elementor-element elementor-element-d7eaae0\" data-id=\"d7eaae0\" data-element_type=\"column\" data-e-type=\"column\">\n\t\t\t<div class=\"elementor-widget-wrap elementor-element-populated\">\n\t\t\t\t\t\t<div class=\"elementor-element elementor-element-d3753b5 elementor--h-position-right elementor--v-position-bottom elementor-arrows-position-inside elementor-pagination-position-inside elementor-widget elementor-widget-slides\" data-id=\"d3753b5\" data-element_type=\"widget\" data-e-type=\"widget\" data-settings=\"{&quot;navigation&quot;:&quot;both&quot;,&quot;autoplay&quot;:&quot;yes&quot;,&quot;pause_on_hover&quot;:&quot;yes&quot;,&quot;pause_on_interaction&quot;:&quot;yes&quot;,&quot;autoplay_speed&quot;:5000,&quot;infinite&quot;:&quot;yes&quot;,&quot;transition&quot;:&quot;slide&quot;,&quot;transition_speed&quot;:500}\" data-widget_type=\"slides.default\">\n\t\t\t\t<div class=\"elementor-widget-container\">\n\t\t\t\t\t\t\t\t\t<div class=\"elementor-swiper\">\n\t\t\t\t\t<div class=\"elementor-slides-wrapper elementor-main-swiper swiper\" role=\"region\" aria-roledescription=\"carousel\" aria-label=\"Diapositives\" dir=\"ltr\" data-animation=\"fadeInDown\">\n\t\t\t\t<div class=\"swiper-wrapper elementor-slides\">\n\t\t\t\t\t\t\t\t\t\t<div class=\"elementor-repeater-item-4b38e46 swiper-slide\" role=\"group\" aria-roledescription=\"slide\"><div class=\"swiper-slide-bg\" role=\"img\" aria-label=\"AlpinArt - Romanic VB - 0105\"><\/div><a class=\"swiper-slide-inner\" href=\"\/wp-content\/uploads\/2023\/02\/Romanic-Vall-Boi-publicacio-frances.pdf\" target=\"_blank\"><div class=\"swiper-slide-contents\"><div class=\"elementor-slide-heading\">L'ensemble roman de La Vall de Bo\u00ed<\/div><div  class=\"elementor-button elementor-slide-button elementor-size-sm\">T\u00e9l\u00e9charger la brochure d'information<\/div><\/div><\/a><\/div>\t\t\t\t<\/div>\n\t\t\t\t\t\t\t<\/div>\n\t\t\t\t<\/div>\n\t\t\t\t\t\t\t\t<\/div>\n\t\t\t\t<\/div>\n\t\t\t\t\t<\/div>\n\t\t<\/div>\n\t\t\t\t\t<\/div>\n\t\t<\/section>\n\t\t\t\t<section class=\"elementor-section elementor-top-section elementor-element elementor-element-8d9d713 elementor-section-boxed elementor-section-height-default elementor-section-height-default\" data-id=\"8d9d713\" data-element_type=\"section\" data-e-type=\"section\">\n\t\t\t\t\t\t<div class=\"elementor-container elementor-column-gap-default\">\n\t\t\t\t\t<div class=\"elementor-column elementor-col-100 elementor-top-column elementor-element elementor-element-2eb098a\" data-id=\"2eb098a\" data-element_type=\"column\" data-e-type=\"column\">\n\t\t\t<div class=\"elementor-widget-wrap elementor-element-populated\">\n\t\t\t\t\t\t<div class=\"elementor-element elementor-element-09859b3 premium-blog-align-left elementor-widget elementor-widget-premium-addon-blog\" data-id=\"09859b3\" data-element_type=\"widget\" data-e-type=\"widget\" data-settings=\"{&quot;premium_blog_columns_number&quot;:&quot;33.33%&quot;,&quot;premium_blog_columns_number_tablet&quot;:&quot;33.33%&quot;,&quot;premium_blog_columns_number_mobile&quot;:&quot;50%&quot;,&quot;premium_blog_grid&quot;:&quot;yes&quot;,&quot;premium_blog_layout&quot;:&quot;even&quot;}\" data-widget_type=\"premium-addon-blog.default\">\n\t\t\t\t<div class=\"elementor-widget-container\">\n\t\t\t\t\t\n\t\t\t\t<div class=\"premium-blog-wrap  premium-blog-even\" data-page=\"6607\">\n\t\t\t\t\t<div class=\"premium-blog-post-outer-container\" data-total=\"1\">\r\n\t\t\t<div class=\"premium-blog-post-container premium-blog-skin-cards\">\r\n\t\t\t\t\t\t\t\t\t<div class=\"premium-blog-thumb-effect-wrapper\">\r\n\t\t\t\t\t\t<div class=\"premium-blog-thumbnail-container premium-blog-zoomin-effect\">\r\n\t\t\t\t\t\t\t\t\t\t\t<a href=\"https:\/\/www.centreromanic.com\/fr\/eglise\/sant-climent-de-taull\/\" target=\"_self\">\r\n\t\t\t\t<img fetchpriority=\"high\" decoding=\"async\" width=\"1914\" height=\"1351\" src=\"https:\/\/www.centreromanic.com\/wp-content\/uploads\/2022\/03\/DJI_0339-copia.jpg\" class=\"attachment-full size-full wp-image-6286\" alt=\"Sant Climent de Ta\u00fcll\" srcset=\"https:\/\/www.centreromanic.com\/wp-content\/uploads\/2022\/03\/DJI_0339-copia.jpg 1914w, https:\/\/www.centreromanic.com\/wp-content\/uploads\/2022\/03\/DJI_0339-copia-300x212.jpg 300w, https:\/\/www.centreromanic.com\/wp-content\/uploads\/2022\/03\/DJI_0339-copia-1024x723.jpg 1024w, https:\/\/www.centreromanic.com\/wp-content\/uploads\/2022\/03\/DJI_0339-copia-768x542.jpg 768w, https:\/\/www.centreromanic.com\/wp-content\/uploads\/2022\/03\/DJI_0339-copia-1536x1084.jpg 1536w, https:\/\/www.centreromanic.com\/wp-content\/uploads\/2022\/03\/DJI_0339-copia-1250x882.jpg 1250w\" sizes=\"(max-width: 1914px) 100vw, 1914px\" \/>\t\t\t\t<\/a>\r\n\t\t\t\t\t\t\t\t\t\t<\/div>\r\n\t\t\t\t\t\t\t\t\t\t\t\t\t<div class=\"premium-blog-effect-container premium-blog-framed-effect\">\r\n\t\t\t\t\t\t\t\t<a class=\"premium-blog-post-link\" href=\"https:\/\/www.centreromanic.com\/fr\/eglise\/sant-climent-de-taull\/\" target=\"_self\"><span>Sant Climent de Ta\u00fcll<\/span><\/a>\r\n\t\t\t\t\t\t\t\t\t\t\t\t\t\t\t<\/div>\r\n\t\t\t\t\t\t\t\t\t\t\t<\/div>\r\n\t\t\t\t\t\t\t\t\t\t\t\t\t\t\t\t\t\t\t\t\t<div class=\"premium-blog-content-wrapper \">\r\n\r\n\t\t\t\t\t<div class=\"premium-blog-inner-container\">\r\n\r\n\t\t\t\t\t\t\t\t\t\t\t\t\t\t<h2 class=\"premium-blog-entry-title\">\r\n\t\t\t<a href=\"https:\/\/www.centreromanic.com\/fr\/eglise\/sant-climent-de-taull\/\" target=\"_self\">\r\n\t\t\t\tSant Climent de Ta\u00fcll\t\t\t<\/a>\r\n\t\t<\/h2>\r\n\t\t\r\n\t\t\t\t\t<\/div>\r\n\r\n\t\t\t\t\t\t\t<div class=\"premium-blog-entry-meta\">\r\n\t\t\t\r\n\t\t\t\r\n\t\t\t\r\n\t\t\t\t\t<\/div>\r\n\t\t\t\t\t\t\t\r\n\t\t\t\t<\/div>\r\n\t\t\t<\/div>\r\n\t\t<\/div>\r\n\r\n\t\t\t\t<div class=\"premium-blog-post-outer-container\" data-total=\"1\">\r\n\t\t\t<div class=\"premium-blog-post-container premium-blog-skin-cards\">\r\n\t\t\t\t\t\t\t\t\t<div class=\"premium-blog-thumb-effect-wrapper\">\r\n\t\t\t\t\t\t<div class=\"premium-blog-thumbnail-container premium-blog-zoomin-effect\">\r\n\t\t\t\t\t\t\t\t\t\t\t<a href=\"https:\/\/www.centreromanic.com\/fr\/eglise\/santa-maria-de-taull\/\" target=\"_self\">\r\n\t\t\t\t<img decoding=\"async\" width=\"1007\" height=\"905\" src=\"https:\/\/www.centreromanic.com\/wp-content\/uploads\/2022\/03\/DSC6719-copia-1.jpg\" class=\"attachment-full size-full wp-image-6915\" alt=\"\" srcset=\"https:\/\/www.centreromanic.com\/wp-content\/uploads\/2022\/03\/DSC6719-copia-1.jpg 1007w, https:\/\/www.centreromanic.com\/wp-content\/uploads\/2022\/03\/DSC6719-copia-1-300x270.jpg 300w, https:\/\/www.centreromanic.com\/wp-content\/uploads\/2022\/03\/DSC6719-copia-1-768x690.jpg 768w\" sizes=\"(max-width: 1007px) 100vw, 1007px\" \/>\t\t\t\t<\/a>\r\n\t\t\t\t\t\t\t\t\t\t<\/div>\r\n\t\t\t\t\t\t\t\t\t\t\t\t\t<div class=\"premium-blog-effect-container premium-blog-framed-effect\">\r\n\t\t\t\t\t\t\t\t<a class=\"premium-blog-post-link\" href=\"https:\/\/www.centreromanic.com\/fr\/eglise\/santa-maria-de-taull\/\" target=\"_self\"><span>Santa Maria de Ta\u00fcll<\/span><\/a>\r\n\t\t\t\t\t\t\t\t\t\t\t\t\t\t\t<\/div>\r\n\t\t\t\t\t\t\t\t\t\t\t<\/div>\r\n\t\t\t\t\t\t\t\t\t\t\t\t\t\t\t\t\t\t\t\t\t<div class=\"premium-blog-content-wrapper \">\r\n\r\n\t\t\t\t\t<div class=\"premium-blog-inner-container\">\r\n\r\n\t\t\t\t\t\t\t\t\t\t\t\t\t\t<h2 class=\"premium-blog-entry-title\">\r\n\t\t\t<a href=\"https:\/\/www.centreromanic.com\/fr\/eglise\/santa-maria-de-taull\/\" target=\"_self\">\r\n\t\t\t\tSanta Maria de Ta\u00fcll\t\t\t<\/a>\r\n\t\t<\/h2>\r\n\t\t\r\n\t\t\t\t\t<\/div>\r\n\r\n\t\t\t\t\t\t\t<div class=\"premium-blog-entry-meta\">\r\n\t\t\t\r\n\t\t\t\r\n\t\t\t\r\n\t\t\t\t\t<\/div>\r\n\t\t\t\t\t\t\t\r\n\t\t\t\t<\/div>\r\n\t\t\t<\/div>\r\n\t\t<\/div>\r\n\r\n\t\t\t\t<div class=\"premium-blog-post-outer-container\" data-total=\"1\">\r\n\t\t\t<div class=\"premium-blog-post-container premium-blog-skin-cards\">\r\n\t\t\t\t\t\t\t\t\t<div class=\"premium-blog-thumb-effect-wrapper\">\r\n\t\t\t\t\t\t<div class=\"premium-blog-thumbnail-container premium-blog-zoomin-effect\">\r\n\t\t\t\t\t\t\t\t\t\t\t<a href=\"https:\/\/www.centreromanic.com\/fr\/eglise\/santa-eulalia-derill-la-vall\/\" target=\"_self\">\r\n\t\t\t\t<img decoding=\"async\" width=\"1257\" height=\"1305\" src=\"https:\/\/www.centreromanic.com\/wp-content\/uploads\/2022\/03\/DJI_0047-copia-e1676479005223.jpg\" class=\"attachment-full size-full wp-image-6193\" alt=\"\" srcset=\"https:\/\/www.centreromanic.com\/wp-content\/uploads\/2022\/03\/DJI_0047-copia-e1676479005223.jpg 1257w, https:\/\/www.centreromanic.com\/wp-content\/uploads\/2022\/03\/DJI_0047-copia-e1676479005223-289x300.jpg 289w, https:\/\/www.centreromanic.com\/wp-content\/uploads\/2022\/03\/DJI_0047-copia-e1676479005223-986x1024.jpg 986w, https:\/\/www.centreromanic.com\/wp-content\/uploads\/2022\/03\/DJI_0047-copia-e1676479005223-768x797.jpg 768w, https:\/\/www.centreromanic.com\/wp-content\/uploads\/2022\/03\/DJI_0047-copia-e1676479005223-1250x1298.jpg 1250w\" sizes=\"(max-width: 1257px) 100vw, 1257px\" \/>\t\t\t\t<\/a>\r\n\t\t\t\t\t\t\t\t\t\t<\/div>\r\n\t\t\t\t\t\t\t\t\t\t\t\t\t<div class=\"premium-blog-effect-container premium-blog-framed-effect\">\r\n\t\t\t\t\t\t\t\t<a class=\"premium-blog-post-link\" href=\"https:\/\/www.centreromanic.com\/fr\/eglise\/santa-eulalia-derill-la-vall\/\" target=\"_self\"><span>Santa Eul\u00e0lia d&rsquo;Erill la Vall<\/span><\/a>\r\n\t\t\t\t\t\t\t\t\t\t\t\t\t\t\t<\/div>\r\n\t\t\t\t\t\t\t\t\t\t\t<\/div>\r\n\t\t\t\t\t\t\t\t\t\t\t\t\t\t\t\t\t\t\t\t\t<div class=\"premium-blog-content-wrapper \">\r\n\r\n\t\t\t\t\t<div class=\"premium-blog-inner-container\">\r\n\r\n\t\t\t\t\t\t\t\t\t\t\t\t\t\t<h2 class=\"premium-blog-entry-title\">\r\n\t\t\t<a href=\"https:\/\/www.centreromanic.com\/fr\/eglise\/santa-eulalia-derill-la-vall\/\" target=\"_self\">\r\n\t\t\t\tSanta Eul\u00e0lia d&rsquo;Erill la Vall\t\t\t<\/a>\r\n\t\t<\/h2>\r\n\t\t\r\n\t\t\t\t\t<\/div>\r\n\r\n\t\t\t\t\t\t\t<div class=\"premium-blog-entry-meta\">\r\n\t\t\t\r\n\t\t\t\r\n\t\t\t\r\n\t\t\t\t\t<\/div>\r\n\t\t\t\t\t\t\t\r\n\t\t\t\t<\/div>\r\n\t\t\t<\/div>\r\n\t\t<\/div>\r\n\r\n\t\t\t\t<div class=\"premium-blog-post-outer-container\" data-total=\"1\">\r\n\t\t\t<div class=\"premium-blog-post-container premium-blog-skin-cards\">\r\n\t\t\t\t\t\t\t\t\t<div class=\"premium-blog-thumb-effect-wrapper\">\r\n\t\t\t\t\t\t<div class=\"premium-blog-thumbnail-container premium-blog-zoomin-effect\">\r\n\t\t\t\t\t\t\t\t\t\t\t<a href=\"https:\/\/www.centreromanic.com\/fr\/eglise\/sant-joan-de-boi\/\" target=\"_self\">\r\n\t\t\t\t<img loading=\"lazy\" decoding=\"async\" width=\"1864\" height=\"1398\" src=\"https:\/\/www.centreromanic.com\/wp-content\/uploads\/2022\/03\/DJI_0506-copia.jpg\" class=\"attachment-full size-full wp-image-6147\" alt=\"\" srcset=\"https:\/\/www.centreromanic.com\/wp-content\/uploads\/2022\/03\/DJI_0506-copia.jpg 1864w, https:\/\/www.centreromanic.com\/wp-content\/uploads\/2022\/03\/DJI_0506-copia-300x225.jpg 300w, https:\/\/www.centreromanic.com\/wp-content\/uploads\/2022\/03\/DJI_0506-copia-1024x768.jpg 1024w, https:\/\/www.centreromanic.com\/wp-content\/uploads\/2022\/03\/DJI_0506-copia-768x576.jpg 768w, https:\/\/www.centreromanic.com\/wp-content\/uploads\/2022\/03\/DJI_0506-copia-1536x1152.jpg 1536w, https:\/\/www.centreromanic.com\/wp-content\/uploads\/2022\/03\/DJI_0506-copia-1250x938.jpg 1250w\" sizes=\"(max-width: 1864px) 100vw, 1864px\" \/>\t\t\t\t<\/a>\r\n\t\t\t\t\t\t\t\t\t\t<\/div>\r\n\t\t\t\t\t\t\t\t\t\t\t\t\t<div class=\"premium-blog-effect-container premium-blog-framed-effect\">\r\n\t\t\t\t\t\t\t\t<a class=\"premium-blog-post-link\" href=\"https:\/\/www.centreromanic.com\/fr\/eglise\/sant-joan-de-boi\/\" target=\"_self\"><span>Sant Joan de Bo\u00ed<\/span><\/a>\r\n\t\t\t\t\t\t\t\t\t\t\t\t\t\t\t<\/div>\r\n\t\t\t\t\t\t\t\t\t\t\t<\/div>\r\n\t\t\t\t\t\t\t\t\t\t\t\t\t\t\t\t\t\t\t\t\t<div class=\"premium-blog-content-wrapper \">\r\n\r\n\t\t\t\t\t<div class=\"premium-blog-inner-container\">\r\n\r\n\t\t\t\t\t\t\t\t\t\t\t\t\t\t<h2 class=\"premium-blog-entry-title\">\r\n\t\t\t<a href=\"https:\/\/www.centreromanic.com\/fr\/eglise\/sant-joan-de-boi\/\" target=\"_self\">\r\n\t\t\t\tSant Joan de Bo\u00ed\t\t\t<\/a>\r\n\t\t<\/h2>\r\n\t\t\r\n\t\t\t\t\t<\/div>\r\n\r\n\t\t\t\t\t\t\t<div class=\"premium-blog-entry-meta\">\r\n\t\t\t\r\n\t\t\t\r\n\t\t\t\r\n\t\t\t\t\t<\/div>\r\n\t\t\t\t\t\t\t\r\n\t\t\t\t<\/div>\r\n\t\t\t<\/div>\r\n\t\t<\/div>\r\n\r\n\t\t\t\t<div class=\"premium-blog-post-outer-container\" data-total=\"1\">\r\n\t\t\t<div class=\"premium-blog-post-container premium-blog-skin-cards\">\r\n\t\t\t\t\t\t\t\t\t<div class=\"premium-blog-thumb-effect-wrapper\">\r\n\t\t\t\t\t\t<div class=\"premium-blog-thumbnail-container premium-blog-zoomin-effect\">\r\n\t\t\t\t\t\t\t\t\t\t\t<a href=\"https:\/\/www.centreromanic.com\/fr\/eglise\/sant-feliu-de-barruera\/\" target=\"_self\">\r\n\t\t\t\t<img loading=\"lazy\" decoding=\"async\" width=\"1920\" height=\"1432\" src=\"https:\/\/www.centreromanic.com\/wp-content\/uploads\/2022\/03\/DJI_0397-copia.jpg\" class=\"attachment-full size-full wp-image-6133\" alt=\"\" srcset=\"https:\/\/www.centreromanic.com\/wp-content\/uploads\/2022\/03\/DJI_0397-copia.jpg 1920w, https:\/\/www.centreromanic.com\/wp-content\/uploads\/2022\/03\/DJI_0397-copia-300x224.jpg 300w, https:\/\/www.centreromanic.com\/wp-content\/uploads\/2022\/03\/DJI_0397-copia-1024x764.jpg 1024w, https:\/\/www.centreromanic.com\/wp-content\/uploads\/2022\/03\/DJI_0397-copia-768x573.jpg 768w, https:\/\/www.centreromanic.com\/wp-content\/uploads\/2022\/03\/DJI_0397-copia-1536x1146.jpg 1536w, https:\/\/www.centreromanic.com\/wp-content\/uploads\/2022\/03\/DJI_0397-copia-1250x932.jpg 1250w\" sizes=\"(max-width: 1920px) 100vw, 1920px\" \/>\t\t\t\t<\/a>\r\n\t\t\t\t\t\t\t\t\t\t<\/div>\r\n\t\t\t\t\t\t\t\t\t\t\t\t\t<div class=\"premium-blog-effect-container premium-blog-framed-effect\">\r\n\t\t\t\t\t\t\t\t<a class=\"premium-blog-post-link\" href=\"https:\/\/www.centreromanic.com\/fr\/eglise\/sant-feliu-de-barruera\/\" target=\"_self\"><span>Sant Feliu de Barruera<\/span><\/a>\r\n\t\t\t\t\t\t\t\t\t\t\t\t\t\t\t<\/div>\r\n\t\t\t\t\t\t\t\t\t\t\t<\/div>\r\n\t\t\t\t\t\t\t\t\t\t\t\t\t\t\t\t\t\t\t\t\t<div class=\"premium-blog-content-wrapper \">\r\n\r\n\t\t\t\t\t<div class=\"premium-blog-inner-container\">\r\n\r\n\t\t\t\t\t\t\t\t\t\t\t\t\t\t<h2 class=\"premium-blog-entry-title\">\r\n\t\t\t<a href=\"https:\/\/www.centreromanic.com\/fr\/eglise\/sant-feliu-de-barruera\/\" target=\"_self\">\r\n\t\t\t\tSant Feliu de Barruera\t\t\t<\/a>\r\n\t\t<\/h2>\r\n\t\t\r\n\t\t\t\t\t<\/div>\r\n\r\n\t\t\t\t\t\t\t<div class=\"premium-blog-entry-meta\">\r\n\t\t\t\r\n\t\t\t\r\n\t\t\t\r\n\t\t\t\t\t<\/div>\r\n\t\t\t\t\t\t\t\r\n\t\t\t\t<\/div>\r\n\t\t\t<\/div>\r\n\t\t<\/div>\r\n\r\n\t\t\t\t<div class=\"premium-blog-post-outer-container\" data-total=\"1\">\r\n\t\t\t<div class=\"premium-blog-post-container premium-blog-skin-cards\">\r\n\t\t\t\t\t\t\t\t\t<div class=\"premium-blog-thumb-effect-wrapper\">\r\n\t\t\t\t\t\t<div class=\"premium-blog-thumbnail-container premium-blog-zoomin-effect\">\r\n\t\t\t\t\t\t\t\t\t\t\t<a href=\"https:\/\/www.centreromanic.com\/fr\/eglise\/nativitat-de-durro\/\" target=\"_self\">\r\n\t\t\t\t<img loading=\"lazy\" decoding=\"async\" width=\"1920\" height=\"1440\" src=\"https:\/\/www.centreromanic.com\/wp-content\/uploads\/2022\/03\/DJI_0936-copia.jpg\" class=\"attachment-full size-full wp-image-6288\" alt=\"\" srcset=\"https:\/\/www.centreromanic.com\/wp-content\/uploads\/2022\/03\/DJI_0936-copia.jpg 1920w, https:\/\/www.centreromanic.com\/wp-content\/uploads\/2022\/03\/DJI_0936-copia-300x225.jpg 300w, https:\/\/www.centreromanic.com\/wp-content\/uploads\/2022\/03\/DJI_0936-copia-1024x768.jpg 1024w, https:\/\/www.centreromanic.com\/wp-content\/uploads\/2022\/03\/DJI_0936-copia-768x576.jpg 768w, https:\/\/www.centreromanic.com\/wp-content\/uploads\/2022\/03\/DJI_0936-copia-1536x1152.jpg 1536w, https:\/\/www.centreromanic.com\/wp-content\/uploads\/2022\/03\/DJI_0936-copia-1250x938.jpg 1250w\" sizes=\"(max-width: 1920px) 100vw, 1920px\" \/>\t\t\t\t<\/a>\r\n\t\t\t\t\t\t\t\t\t\t<\/div>\r\n\t\t\t\t\t\t\t\t\t\t\t\t\t<div class=\"premium-blog-effect-container premium-blog-framed-effect\">\r\n\t\t\t\t\t\t\t\t<a class=\"premium-blog-post-link\" href=\"https:\/\/www.centreromanic.com\/fr\/eglise\/nativitat-de-durro\/\" target=\"_self\"><span>Nativitat de Durro<\/span><\/a>\r\n\t\t\t\t\t\t\t\t\t\t\t\t\t\t\t<\/div>\r\n\t\t\t\t\t\t\t\t\t\t\t<\/div>\r\n\t\t\t\t\t\t\t\t\t\t\t\t\t\t\t\t\t\t\t\t\t<div class=\"premium-blog-content-wrapper \">\r\n\r\n\t\t\t\t\t<div class=\"premium-blog-inner-container\">\r\n\r\n\t\t\t\t\t\t\t\t\t\t\t\t\t\t<h2 class=\"premium-blog-entry-title\">\r\n\t\t\t<a href=\"https:\/\/www.centreromanic.com\/fr\/eglise\/nativitat-de-durro\/\" target=\"_self\">\r\n\t\t\t\tNativitat de Durro\t\t\t<\/a>\r\n\t\t<\/h2>\r\n\t\t\r\n\t\t\t\t\t<\/div>\r\n\r\n\t\t\t\t\t\t\t<div class=\"premium-blog-entry-meta\">\r\n\t\t\t\r\n\t\t\t\r\n\t\t\t\r\n\t\t\t\t\t<\/div>\r\n\t\t\t\t\t\t\t\r\n\t\t\t\t<\/div>\r\n\t\t\t<\/div>\r\n\t\t<\/div>\r\n\r\n\t\t\t\t<div class=\"premium-blog-post-outer-container\" data-total=\"1\">\r\n\t\t\t<div class=\"premium-blog-post-container premium-blog-skin-cards\">\r\n\t\t\t\t\t\t\t\t\t<div class=\"premium-blog-thumb-effect-wrapper\">\r\n\t\t\t\t\t\t<div class=\"premium-blog-thumbnail-container premium-blog-zoomin-effect\">\r\n\t\t\t\t\t\t\t\t\t\t\t<a href=\"https:\/\/www.centreromanic.com\/fr\/eglise\/santa-maria-de-cardet\/\" target=\"_self\">\r\n\t\t\t\t<img loading=\"lazy\" decoding=\"async\" width=\"1920\" height=\"1440\" src=\"https:\/\/www.centreromanic.com\/wp-content\/uploads\/2022\/03\/DJI_0956-copia.jpg\" class=\"attachment-full size-full wp-image-6057\" alt=\"\" srcset=\"https:\/\/www.centreromanic.com\/wp-content\/uploads\/2022\/03\/DJI_0956-copia.jpg 1920w, https:\/\/www.centreromanic.com\/wp-content\/uploads\/2022\/03\/DJI_0956-copia-300x225.jpg 300w, https:\/\/www.centreromanic.com\/wp-content\/uploads\/2022\/03\/DJI_0956-copia-1024x768.jpg 1024w, https:\/\/www.centreromanic.com\/wp-content\/uploads\/2022\/03\/DJI_0956-copia-768x576.jpg 768w, https:\/\/www.centreromanic.com\/wp-content\/uploads\/2022\/03\/DJI_0956-copia-1536x1152.jpg 1536w, https:\/\/www.centreromanic.com\/wp-content\/uploads\/2022\/03\/DJI_0956-copia-1250x938.jpg 1250w\" sizes=\"(max-width: 1920px) 100vw, 1920px\" \/>\t\t\t\t<\/a>\r\n\t\t\t\t\t\t\t\t\t\t<\/div>\r\n\t\t\t\t\t\t\t\t\t\t\t\t\t<div class=\"premium-blog-effect-container premium-blog-framed-effect\">\r\n\t\t\t\t\t\t\t\t<a class=\"premium-blog-post-link\" href=\"https:\/\/www.centreromanic.com\/fr\/eglise\/santa-maria-de-cardet\/\" target=\"_self\"><span>Santa Maria de Cardet<\/span><\/a>\r\n\t\t\t\t\t\t\t\t\t\t\t\t\t\t\t<\/div>\r\n\t\t\t\t\t\t\t\t\t\t\t<\/div>\r\n\t\t\t\t\t\t\t\t\t\t\t\t\t\t\t\t\t\t\t\t\t<div class=\"premium-blog-content-wrapper \">\r\n\r\n\t\t\t\t\t<div class=\"premium-blog-inner-container\">\r\n\r\n\t\t\t\t\t\t\t\t\t\t\t\t\t\t<h2 class=\"premium-blog-entry-title\">\r\n\t\t\t<a href=\"https:\/\/www.centreromanic.com\/fr\/eglise\/santa-maria-de-cardet\/\" target=\"_self\">\r\n\t\t\t\tSanta Maria de Cardet\t\t\t<\/a>\r\n\t\t<\/h2>\r\n\t\t\r\n\t\t\t\t\t<\/div>\r\n\r\n\t\t\t\t\t\t\t<div class=\"premium-blog-entry-meta\">\r\n\t\t\t\r\n\t\t\t\r\n\t\t\t\r\n\t\t\t\t\t<\/div>\r\n\t\t\t\t\t\t\t\r\n\t\t\t\t<\/div>\r\n\t\t\t<\/div>\r\n\t\t<\/div>\r\n\r\n\t\t\t\t<div class=\"premium-blog-post-outer-container\" data-total=\"1\">\r\n\t\t\t<div class=\"premium-blog-post-container premium-blog-skin-cards\">\r\n\t\t\t\t\t\t\t\t\t<div class=\"premium-blog-thumb-effect-wrapper\">\r\n\t\t\t\t\t\t<div class=\"premium-blog-thumbnail-container premium-blog-zoomin-effect\">\r\n\t\t\t\t\t\t\t\t\t\t\t<a href=\"https:\/\/www.centreromanic.com\/fr\/eglise\/lassumpcio-de-coll\/\" target=\"_self\">\r\n\t\t\t\t<img loading=\"lazy\" decoding=\"async\" width=\"1578\" height=\"1305\" src=\"https:\/\/www.centreromanic.com\/wp-content\/uploads\/2022\/03\/DSC1022-copia.jpg\" class=\"attachment-full size-full wp-image-6073\" alt=\"\" srcset=\"https:\/\/www.centreromanic.com\/wp-content\/uploads\/2022\/03\/DSC1022-copia.jpg 1578w, https:\/\/www.centreromanic.com\/wp-content\/uploads\/2022\/03\/DSC1022-copia-300x248.jpg 300w, https:\/\/www.centreromanic.com\/wp-content\/uploads\/2022\/03\/DSC1022-copia-1024x847.jpg 1024w, https:\/\/www.centreromanic.com\/wp-content\/uploads\/2022\/03\/DSC1022-copia-768x635.jpg 768w, https:\/\/www.centreromanic.com\/wp-content\/uploads\/2022\/03\/DSC1022-copia-1536x1270.jpg 1536w, https:\/\/www.centreromanic.com\/wp-content\/uploads\/2022\/03\/DSC1022-copia-1250x1034.jpg 1250w\" sizes=\"(max-width: 1578px) 100vw, 1578px\" \/>\t\t\t\t<\/a>\r\n\t\t\t\t\t\t\t\t\t\t<\/div>\r\n\t\t\t\t\t\t\t\t\t\t\t\t\t<div class=\"premium-blog-effect-container premium-blog-framed-effect\">\r\n\t\t\t\t\t\t\t\t<a class=\"premium-blog-post-link\" href=\"https:\/\/www.centreromanic.com\/fr\/eglise\/lassumpcio-de-coll\/\" target=\"_self\"><span>L\u2019Assumpci\u00f3 de C\u00f3ll<\/span><\/a>\r\n\t\t\t\t\t\t\t\t\t\t\t\t\t\t\t<\/div>\r\n\t\t\t\t\t\t\t\t\t\t\t<\/div>\r\n\t\t\t\t\t\t\t\t\t\t\t\t\t\t\t\t\t\t\t\t\t<div class=\"premium-blog-content-wrapper \">\r\n\r\n\t\t\t\t\t<div class=\"premium-blog-inner-container\">\r\n\r\n\t\t\t\t\t\t\t\t\t\t\t\t\t\t<h2 class=\"premium-blog-entry-title\">\r\n\t\t\t<a href=\"https:\/\/www.centreromanic.com\/fr\/eglise\/lassumpcio-de-coll\/\" target=\"_self\">\r\n\t\t\t\tL\u2019Assumpci\u00f3 de C\u00f3ll\t\t\t<\/a>\r\n\t\t<\/h2>\r\n\t\t\r\n\t\t\t\t\t<\/div>\r\n\r\n\t\t\t\t\t\t\t<div class=\"premium-blog-entry-meta\">\r\n\t\t\t\r\n\t\t\t\r\n\t\t\t\r\n\t\t\t\t\t<\/div>\r\n\t\t\t\t\t\t\t\r\n\t\t\t\t<\/div>\r\n\t\t\t<\/div>\r\n\t\t<\/div>\r\n\r\n\t\t\t\t<div class=\"premium-blog-post-outer-container\" data-total=\"1\">\r\n\t\t\t<div class=\"premium-blog-post-container premium-blog-skin-cards\">\r\n\t\t\t\t\t\t\t\t\t<div class=\"premium-blog-thumb-effect-wrapper\">\r\n\t\t\t\t\t\t<div class=\"premium-blog-thumbnail-container premium-blog-zoomin-effect\">\r\n\t\t\t\t\t\t\t\t\t\t\t<a href=\"https:\/\/www.centreromanic.com\/fr\/eglise\/sant-quirc-de-durro\/\" target=\"_self\">\r\n\t\t\t\t<img loading=\"lazy\" decoding=\"async\" width=\"1885\" height=\"1387\" src=\"https:\/\/www.centreromanic.com\/wp-content\/uploads\/2022\/03\/DJI_0329-copia.jpg\" class=\"attachment-full size-full wp-image-6290\" alt=\"\" srcset=\"https:\/\/www.centreromanic.com\/wp-content\/uploads\/2022\/03\/DJI_0329-copia.jpg 1885w, https:\/\/www.centreromanic.com\/wp-content\/uploads\/2022\/03\/DJI_0329-copia-300x221.jpg 300w, https:\/\/www.centreromanic.com\/wp-content\/uploads\/2022\/03\/DJI_0329-copia-1024x753.jpg 1024w, https:\/\/www.centreromanic.com\/wp-content\/uploads\/2022\/03\/DJI_0329-copia-768x565.jpg 768w, https:\/\/www.centreromanic.com\/wp-content\/uploads\/2022\/03\/DJI_0329-copia-1536x1130.jpg 1536w, https:\/\/www.centreromanic.com\/wp-content\/uploads\/2022\/03\/DJI_0329-copia-1250x920.jpg 1250w\" sizes=\"(max-width: 1885px) 100vw, 1885px\" \/>\t\t\t\t<\/a>\r\n\t\t\t\t\t\t\t\t\t\t<\/div>\r\n\t\t\t\t\t\t\t\t\t\t\t\t\t<div class=\"premium-blog-effect-container premium-blog-framed-effect\">\r\n\t\t\t\t\t\t\t\t<a class=\"premium-blog-post-link\" href=\"https:\/\/www.centreromanic.com\/fr\/eglise\/sant-quirc-de-durro\/\" target=\"_self\"><span>Sant Quirc de Durro<\/span><\/a>\r\n\t\t\t\t\t\t\t\t\t\t\t\t\t\t\t<\/div>\r\n\t\t\t\t\t\t\t\t\t\t\t<\/div>\r\n\t\t\t\t\t\t\t\t\t\t\t\t\t\t\t\t\t\t\t\t\t<div class=\"premium-blog-content-wrapper \">\r\n\r\n\t\t\t\t\t<div class=\"premium-blog-inner-container\">\r\n\r\n\t\t\t\t\t\t\t\t\t\t\t\t\t\t<h2 class=\"premium-blog-entry-title\">\r\n\t\t\t<a href=\"https:\/\/www.centreromanic.com\/fr\/eglise\/sant-quirc-de-durro\/\" target=\"_self\">\r\n\t\t\t\tSant Quirc de Durro\t\t\t<\/a>\r\n\t\t<\/h2>\r\n\t\t\r\n\t\t\t\t\t<\/div>\r\n\r\n\t\t\t\t\t\t\t<div class=\"premium-blog-entry-meta\">\r\n\t\t\t\r\n\t\t\t\r\n\t\t\t\r\n\t\t\t\t\t<\/div>\r\n\t\t\t\t\t\t\t\r\n\t\t\t\t<\/div>\r\n\t\t\t<\/div>\r\n\t\t<\/div>\r\n\r\n\t\t\t\t<\/div>\n\n\t\t\t\t\t\t<\/div>\n\t\t\t\t<\/div>\n\t\t\t\t\t<\/div>\n\t\t<\/div>\n\t\t\t\t\t<\/div>\n\t\t<\/section>\n\t\t\t\t<section class=\"elementor-section elementor-top-section elementor-element elementor-element-4784756 elementor-section-boxed elementor-section-height-default elementor-section-height-default\" data-id=\"4784756\" data-element_type=\"section\" data-e-type=\"section\" data-settings=\"{&quot;background_background&quot;:&quot;classic&quot;}\">\n\t\t\t\t\t\t<div class=\"elementor-container elementor-column-gap-default\">\n\t\t\t\t\t<div class=\"elementor-column elementor-col-100 elementor-top-column elementor-element elementor-element-2462102\" data-id=\"2462102\" data-element_type=\"column\" data-e-type=\"column\">\n\t\t\t<div class=\"elementor-widget-wrap elementor-element-populated\">\n\t\t\t\t\t\t<div class=\"elementor-element elementor-element-9e05ec9 elementor-widget elementor-widget-heading\" data-id=\"9e05ec9\" data-element_type=\"widget\" data-e-type=\"widget\" data-widget_type=\"heading.default\">\n\t\t\t\t<div class=\"elementor-widget-container\">\n\t\t\t\t\t<h2 class=\"elementor-heading-title elementor-size-default\">L'art roman de la Vall de Bo\u00ed<\/h2>\t\t\t\t<\/div>\n\t\t\t\t<\/div>\n\t\t\t\t<div class=\"elementor-element elementor-element-d8c1f8f elementor-widget elementor-widget-heading\" data-id=\"d8c1f8f\" data-element_type=\"widget\" data-e-type=\"widget\" data-widget_type=\"heading.default\">\n\t\t\t\t<div class=\"elementor-widget-container\">\n\t\t\t\t\t<h3 class=\"elementor-heading-title elementor-size-default\">Tout ce que vous devez savoir<\/h3>\t\t\t\t<\/div>\n\t\t\t\t<\/div>\n\t\t\t\t<div class=\"elementor-element elementor-element-4f53bd9 premium-blog-align-left elementor-widget elementor-widget-premium-addon-blog\" data-id=\"4f53bd9\" data-element_type=\"widget\" data-e-type=\"widget\" data-settings=\"{&quot;premium_blog_columns_number&quot;:&quot;25%&quot;,&quot;premium_blog_columns_number_mobile&quot;:&quot;50%&quot;,&quot;custom_posts_filter&quot;:[&quot;793&quot;,&quot;799&quot;,&quot;805&quot;,&quot;811&quot;],&quot;premium_blog_grid&quot;:&quot;yes&quot;,&quot;premium_blog_layout&quot;:&quot;even&quot;,&quot;premium_blog_columns_number_tablet&quot;:&quot;50%&quot;}\" data-widget_type=\"premium-addon-blog.default\">\n\t\t\t\t<div class=\"elementor-widget-container\">\n\t\t\t\t\t\n\t\t\t\t<div class=\"premium-blog-wrap  premium-blog-even\" data-page=\"6607\">\n\t\t\t\t\t<div class=\"premium-blog-post-outer-container\" data-total=\"1\">\r\n\t\t\t<div class=\"premium-blog-post-container premium-blog-skin-cards\">\r\n\t\t\t\t\t\t\t\t\t<div class=\"premium-blog-thumb-effect-wrapper\">\r\n\t\t\t\t\t\t<div class=\"premium-blog-thumbnail-container premium-blog-zoomin-effect\">\r\n\t\t\t\t\t\t\t\t\t\t\t<a href=\"https:\/\/www.centreromanic.com\/fr\/centre-dart-roman\/\" target=\"_self\">\r\n\t\t\t\t<img loading=\"lazy\" decoding=\"async\" width=\"2560\" height=\"1920\" src=\"https:\/\/www.centreromanic.com\/wp-content\/uploads\/2025\/01\/IMG_0505-scaled.jpg\" class=\"attachment-full size-full wp-image-14518\" alt=\"\" srcset=\"https:\/\/www.centreromanic.com\/wp-content\/uploads\/2025\/01\/IMG_0505-scaled.jpg 2560w, https:\/\/www.centreromanic.com\/wp-content\/uploads\/2025\/01\/IMG_0505-300x225.jpg 300w, https:\/\/www.centreromanic.com\/wp-content\/uploads\/2025\/01\/IMG_0505-1024x768.jpg 1024w, https:\/\/www.centreromanic.com\/wp-content\/uploads\/2025\/01\/IMG_0505-768x576.jpg 768w, https:\/\/www.centreromanic.com\/wp-content\/uploads\/2025\/01\/IMG_0505-1536x1152.jpg 1536w, https:\/\/www.centreromanic.com\/wp-content\/uploads\/2025\/01\/IMG_0505-2048x1536.jpg 2048w, https:\/\/www.centreromanic.com\/wp-content\/uploads\/2025\/01\/IMG_0505-1250x938.jpg 1250w\" sizes=\"(max-width: 2560px) 100vw, 2560px\" \/>\t\t\t\t<\/a>\r\n\t\t\t\t\t\t\t\t\t\t<\/div>\r\n\t\t\t\t\t\t\t\t\t\t\t\t\t<div class=\"premium-blog-effect-container premium-blog-framed-effect\">\r\n\t\t\t\t\t\t\t\t<a class=\"premium-blog-post-link\" href=\"https:\/\/www.centreromanic.com\/fr\/centre-dart-roman\/\" target=\"_self\"><span>Centre d\u2019art roman<\/span><\/a>\r\n\t\t\t\t\t\t\t\t\t\t\t\t\t\t\t<\/div>\r\n\t\t\t\t\t\t\t\t\t\t\t<\/div>\r\n\t\t\t\t\t\t\t\t\t\t\t\t\t\t\t\t\t\t\t\t\t<div class=\"premium-blog-content-wrapper \">\r\n\r\n\t\t\t\t\t<div class=\"premium-blog-inner-container\">\r\n\r\n\t\t\t\t\t\t\t\t\t\t\t\t\t\t<h2 class=\"premium-blog-entry-title\">\r\n\t\t\t<a href=\"https:\/\/www.centreromanic.com\/fr\/centre-dart-roman\/\" target=\"_self\">\r\n\t\t\t\tCentre d\u2019art roman\t\t\t<\/a>\r\n\t\t<\/h2>\r\n\t\t\r\n\t\t\t\t\t<\/div>\r\n\r\n\t\t\t\t\t\t\t<div class=\"premium-blog-entry-meta\">\r\n\t\t\t\r\n\t\t\t\r\n\t\t\t\r\n\t\t\t\t\t<\/div>\r\n\t\t\t\t\t\t\t\r\n\t\t\t\t<\/div>\r\n\t\t\t<\/div>\r\n\t\t<\/div>\r\n\r\n\t\t\t\t<div class=\"premium-blog-post-outer-container\" data-total=\"1\">\r\n\t\t\t<div class=\"premium-blog-post-container premium-blog-skin-cards\">\r\n\t\t\t\t\t\t\t\t\t<div class=\"premium-blog-thumb-effect-wrapper\">\r\n\t\t\t\t\t\t<div class=\"premium-blog-thumbnail-container premium-blog-zoomin-effect\">\r\n\t\t\t\t\t\t\t\t\t\t\t<a href=\"https:\/\/www.centreromanic.com\/fr\/contexte-historique\/\" target=\"_self\">\r\n\t\t\t\t<img loading=\"lazy\" decoding=\"async\" width=\"1440\" height=\"2560\" src=\"https:\/\/www.centreromanic.com\/wp-content\/uploads\/2023\/03\/20210721_183727-scaled.jpg\" class=\"attachment-full size-full wp-image-8027\" alt=\"\" srcset=\"https:\/\/www.centreromanic.com\/wp-content\/uploads\/2023\/03\/20210721_183727-scaled.jpg 1440w, https:\/\/www.centreromanic.com\/wp-content\/uploads\/2023\/03\/20210721_183727-169x300.jpg 169w, https:\/\/www.centreromanic.com\/wp-content\/uploads\/2023\/03\/20210721_183727-576x1024.jpg 576w, https:\/\/www.centreromanic.com\/wp-content\/uploads\/2023\/03\/20210721_183727-768x1365.jpg 768w, https:\/\/www.centreromanic.com\/wp-content\/uploads\/2023\/03\/20210721_183727-864x1536.jpg 864w, https:\/\/www.centreromanic.com\/wp-content\/uploads\/2023\/03\/20210721_183727-1152x2048.jpg 1152w, https:\/\/www.centreromanic.com\/wp-content\/uploads\/2023\/03\/20210721_183727-1250x2222.jpg 1250w\" sizes=\"(max-width: 1440px) 100vw, 1440px\" \/>\t\t\t\t<\/a>\r\n\t\t\t\t\t\t\t\t\t\t<\/div>\r\n\t\t\t\t\t\t\t\t\t\t\t\t\t<div class=\"premium-blog-effect-container premium-blog-framed-effect\">\r\n\t\t\t\t\t\t\t\t<a class=\"premium-blog-post-link\" href=\"https:\/\/www.centreromanic.com\/fr\/contexte-historique\/\" target=\"_self\"><span>Contexte historique<\/span><\/a>\r\n\t\t\t\t\t\t\t\t\t\t\t\t\t\t\t<\/div>\r\n\t\t\t\t\t\t\t\t\t\t\t<\/div>\r\n\t\t\t\t\t\t\t\t\t\t\t\t\t\t\t\t\t\t\t\t\t<div class=\"premium-blog-content-wrapper \">\r\n\r\n\t\t\t\t\t<div class=\"premium-blog-inner-container\">\r\n\r\n\t\t\t\t\t\t\t\t\t\t\t\t\t\t<h2 class=\"premium-blog-entry-title\">\r\n\t\t\t<a href=\"https:\/\/www.centreromanic.com\/fr\/contexte-historique\/\" target=\"_self\">\r\n\t\t\t\tContexte historique\t\t\t<\/a>\r\n\t\t<\/h2>\r\n\t\t\r\n\t\t\t\t\t<\/div>\r\n\r\n\t\t\t\t\t\t\t<div class=\"premium-blog-entry-meta\">\r\n\t\t\t\r\n\t\t\t\r\n\t\t\t\r\n\t\t\t\t\t<\/div>\r\n\t\t\t\t\t\t\t\r\n\t\t\t\t<\/div>\r\n\t\t\t<\/div>\r\n\t\t<\/div>\r\n\r\n\t\t\t\t<div class=\"premium-blog-post-outer-container\" data-total=\"1\">\r\n\t\t\t<div class=\"premium-blog-post-container premium-blog-skin-cards\">\r\n\t\t\t\t\t\t\t\t\t<div class=\"premium-blog-thumb-effect-wrapper\">\r\n\t\t\t\t\t\t<div class=\"premium-blog-thumbnail-container premium-blog-zoomin-effect\">\r\n\t\t\t\t\t\t\t\t\t\t\t<a href=\"https:\/\/www.centreromanic.com\/fr\/la-redecouvertre\/\" target=\"_self\">\r\n\t\t\t\t<img loading=\"lazy\" decoding=\"async\" width=\"600\" height=\"690\" src=\"https:\/\/www.centreromanic.com\/wp-content\/uploads\/2022\/03\/Redescobriment.png\" class=\"attachment-full size-full wp-image-5756\" alt=\"\" srcset=\"https:\/\/www.centreromanic.com\/wp-content\/uploads\/2022\/03\/Redescobriment.png 600w, https:\/\/www.centreromanic.com\/wp-content\/uploads\/2022\/03\/Redescobriment-261x300.png 261w\" sizes=\"(max-width: 600px) 100vw, 600px\" \/>\t\t\t\t<\/a>\r\n\t\t\t\t\t\t\t\t\t\t<\/div>\r\n\t\t\t\t\t\t\t\t\t\t\t\t\t<div class=\"premium-blog-effect-container premium-blog-framed-effect\">\r\n\t\t\t\t\t\t\t\t<a class=\"premium-blog-post-link\" href=\"https:\/\/www.centreromanic.com\/fr\/la-redecouvertre\/\" target=\"_self\"><span>La red\u00e9couvertre<\/span><\/a>\r\n\t\t\t\t\t\t\t\t\t\t\t\t\t\t\t<\/div>\r\n\t\t\t\t\t\t\t\t\t\t\t<\/div>\r\n\t\t\t\t\t\t\t\t\t\t\t\t\t\t\t\t\t\t\t\t\t<div class=\"premium-blog-content-wrapper \">\r\n\r\n\t\t\t\t\t<div class=\"premium-blog-inner-container\">\r\n\r\n\t\t\t\t\t\t\t\t\t\t\t\t\t\t<h2 class=\"premium-blog-entry-title\">\r\n\t\t\t<a href=\"https:\/\/www.centreromanic.com\/fr\/la-redecouvertre\/\" target=\"_self\">\r\n\t\t\t\tLa red\u00e9couvertre\t\t\t<\/a>\r\n\t\t<\/h2>\r\n\t\t\r\n\t\t\t\t\t<\/div>\r\n\r\n\t\t\t\t\t\t\t<div class=\"premium-blog-entry-meta\">\r\n\t\t\t\r\n\t\t\t\r\n\t\t\t\r\n\t\t\t\t\t<\/div>\r\n\t\t\t\t\t\t\t\r\n\t\t\t\t<\/div>\r\n\t\t\t<\/div>\r\n\t\t<\/div>\r\n\r\n\t\t\t\t<div class=\"premium-blog-post-outer-container\" data-total=\"1\">\r\n\t\t\t<div class=\"premium-blog-post-container premium-blog-skin-cards\">\r\n\t\t\t\t\t\t\t\t\t<div class=\"premium-blog-thumb-effect-wrapper\">\r\n\t\t\t\t\t\t<div class=\"premium-blog-thumbnail-container premium-blog-zoomin-effect\">\r\n\t\t\t\t\t\t\t\t\t\t\t<a href=\"https:\/\/www.centreromanic.com\/fr\/patrimoine-mondial\/\" target=\"_self\">\r\n\t\t\t\t<img loading=\"lazy\" decoding=\"async\" width=\"260\" height=\"240\" src=\"https:\/\/www.centreromanic.com\/wp-content\/uploads\/2023\/03\/LOGO-UNESCO-1.png\" class=\"attachment-full size-full wp-image-8009\" alt=\"\" \/>\t\t\t\t<\/a>\r\n\t\t\t\t\t\t\t\t\t\t<\/div>\r\n\t\t\t\t\t\t\t\t\t\t\t\t\t<div class=\"premium-blog-effect-container premium-blog-framed-effect\">\r\n\t\t\t\t\t\t\t\t<a class=\"premium-blog-post-link\" href=\"https:\/\/www.centreromanic.com\/fr\/patrimoine-mondial\/\" target=\"_self\"><span>Patrimoine mondial<\/span><\/a>\r\n\t\t\t\t\t\t\t\t\t\t\t\t\t\t\t<\/div>\r\n\t\t\t\t\t\t\t\t\t\t\t<\/div>\r\n\t\t\t\t\t\t\t\t\t\t\t\t\t\t\t\t\t\t\t\t\t<div class=\"premium-blog-content-wrapper \">\r\n\r\n\t\t\t\t\t<div class=\"premium-blog-inner-container\">\r\n\r\n\t\t\t\t\t\t\t\t\t\t\t\t\t\t<h2 class=\"premium-blog-entry-title\">\r\n\t\t\t<a href=\"https:\/\/www.centreromanic.com\/fr\/patrimoine-mondial\/\" target=\"_self\">\r\n\t\t\t\tPatrimoine mondial\t\t\t<\/a>\r\n\t\t<\/h2>\r\n\t\t\r\n\t\t\t\t\t<\/div>\r\n\r\n\t\t\t\t\t\t\t<div class=\"premium-blog-entry-meta\">\r\n\t\t\t\r\n\t\t\t\r\n\t\t\t\r\n\t\t\t\t\t<\/div>\r\n\t\t\t\t\t\t\t\r\n\t\t\t\t<\/div>\r\n\t\t\t<\/div>\r\n\t\t<\/div>\r\n\r\n\t\t\t\t<\/div>\n\n\t\t\t\t\t\t<\/div>\n\t\t\t\t<\/div>\n\t\t\t\t\t<\/div>\n\t\t<\/div>\n\t\t\t\t\t<\/div>\n\t\t<\/section>\n\t\t\t\t<\/div>\n\t\t","protected":false},"excerpt":{"rendered":"<p>L&rsquo;ensemble roman de La Vall de Bo\u00edT\u00e9l\u00e9charger la brochure d&rsquo;information Sant Climent de Ta\u00fcll Santa Maria de Ta\u00fcll Sant Joan de Bo\u00ed Santa Eul\u00e0lia de Erill la Vall Sant Feliu de Barruera Nativitat de Durro Santa Maria de Cardet Assumpci\u00f3 de C\u00f3ll Sant Quirc de Durro L&rsquo;art roman de la Vall de Bo\u00ed Tout ce [&hellip;]<\/p>\n","protected":false},"author":1,"featured_media":8071,"parent":0,"menu_order":0,"comment_status":"closed","ping_status":"closed","template":"elementor_header_footer","meta":{"footnotes":""},"class_list":["post-6607","page","type-page","status-publish","has-post-thumbnail","hentry"],"aioseo_notices":[],"_links":{"self":[{"href":"https:\/\/www.centreromanic.com\/fr\/wp-json\/wp\/v2\/pages\/6607","targetHints":{"allow":["GET"]}}],"collection":[{"href":"https:\/\/www.centreromanic.com\/fr\/wp-json\/wp\/v2\/pages"}],"about":[{"href":"https:\/\/www.centreromanic.com\/fr\/wp-json\/wp\/v2\/types\/page"}],"author":[{"embeddable":true,"href":"https:\/\/www.centreromanic.com\/fr\/wp-json\/wp\/v2\/users\/1"}],"replies":[{"embeddable":true,"href":"https:\/\/www.centreromanic.com\/fr\/wp-json\/wp\/v2\/comments?post=6607"}],"version-history":[{"count":0,"href":"https:\/\/www.centreromanic.com\/fr\/wp-json\/wp\/v2\/pages\/6607\/revisions"}],"wp:featuredmedia":[{"embeddable":true,"href":"https:\/\/www.centreromanic.com\/fr\/wp-json\/wp\/v2\/media\/8071"}],"wp:attachment":[{"href":"https:\/\/www.centreromanic.com\/fr\/wp-json\/wp\/v2\/media?parent=6607"}],"curies":[{"name":"wp","href":"https:\/\/api.w.org\/{rel}","templated":true}]}}